{"id":2012,"date":"2019-02-12T11:19:00","date_gmt":"2019-02-12T10:19:00","guid":{"rendered":"https:\/\/www.fondazioneunich.it\/?page_id=2012"},"modified":"2020-03-05T11:57:03","modified_gmt":"2020-03-05T10:57:03","slug":"dorsogna-marina","status":"publish","type":"page","link":"https:\/\/www.fondazioneunich.it\/index.php\/trasparenza\/organizzazione\/titolari-di-incarichi-politici-di-amministrazione-di-direzione-o-di-governo\/dorsogna-marina\/","title":{"rendered":"D&#8217;ORSOGNA Marina"},"content":{"rendered":"\r\n<div>\u00a0<\/div>\r\n<table style=\"border-collapse: collapse;\" border=\"0\" width=\"100%\" cellpadding=\"0\">\r\n<tbody>\r\n<tr>\r\n<td width=\"30%\"><img loading=\"lazy\" decoding=\"async\" class=\"alignnone size-full wp-image-2380\" src=\"https:\/\/www.fondazioneunich.it\/wp-content\/uploads\/no_photo_Donna.jpg\" alt=\"\" width=\"300\" height=\"300\" srcset=\"https:\/\/www.fondazioneunich.it\/wp-content\/uploads\/no_photo_Donna.jpg 235w, https:\/\/www.fondazioneunich.it\/wp-content\/uploads\/no_photo_Donna-150x150.jpg 150w, https:\/\/www.fondazioneunich.it\/wp-content\/uploads\/no_photo_Donna-160x160.jpg 160w\" sizes=\"auto, (max-width: 300px) 100vw, 300px\" \/><\/td>\r\n<td width=\"3%\">\u00a0<\/td>\r\n<td width=\"67%\">\r\n<p align=\"left\">CONSIGLIERE<br \/><span style=\"font-size: 20px;\"><strong style=\"font-family: inherit;\">Prof.ssa Marina D&#8217;Orsogna<\/strong><\/span><\/p>\r\n<\/td>\r\n<\/tr>\r\n<\/tbody>\r\n<\/table>\r\n<div>\u00a0<\/div>\r\n<div class=\"entry themeform\">\r\n<div class=\"entry-inner\"><span style=\"font-size: 14px;\">Atto di nomina o di proclamazione, con l\u2019indicazione della durata dell\u2019incarico o del mandato elettivo<\/span>\r\n<table style=\"border-collapse: collapse; width: 100%; height: 10px;\" border=\"1\" width=\"100%\">\r\n<tbody>\r\n<tr style=\"height: 10px;\">\r\n<td style=\"text-align: left; border-style: solid; border-color: #000000; background-color: #ffffff; height: 10px;\" width=\"50%\"><strong><span style=\"font-size: 16px;\">Atto di Nomina<\/span><\/strong><\/td>\r\n<td style=\"text-align: right; border-style: solid; border-color: #000000; background-color: #ffffff; height: 10px;\" width=\"50%\">09\/10\/2018<\/td>\r\n<\/tr>\r\n<\/tbody>\r\n<\/table>\r\n<\/div>\r\n<\/div>\r\n<div class=\"entry themeform\">\r\n<div class=\"entry-inner\">\r\n<table style=\"border-collapse: collapse; width: 100%; height: 10px;\" border=\"1\" width=\"100%\">\r\n<tbody>\r\n<tr style=\"height: 10px;\">\r\n<td style=\"text-align: left; border-style: solid; border-color: #000000; background-color: #ffffff; height: 10px;\" width=\"50%\"><strong><span style=\"font-size: 16px;\">Curriculum Vitae<\/span><\/strong><\/td>\r\n<td style=\"text-align: right; border-style: solid; border-color: #000000; background-color: #ffffff; height: 10px;\" width=\"50%\">Aggiornamento 2012<\/td>\r\n<\/tr>\r\n<\/tbody>\r\n<\/table>\r\n\u00a0 \u00a0<\/div>\r\n<\/div>\r\n<div>\u00a0<\/div>\r\n<div>\u00a0<\/div>\r\n<div class=\"entry themeform\">\r\n<div class=\"entry-inner\"><span style=\"font-size: 14px;\">Compensi di qualsiasi natura connessi all&#8217;assunzione della carica<\/span><\/div>\r\n<\/div>\r\n<table style=\"border-collapse: collapse;\" border=\"1\" width=\"100%\">\r\n<tbody>\r\n<tr>\r\n<td style=\"text-align: left; border-style: solid; border-color: #000000; background-color: #ffffff;\" width=\"50%\"><span style=\"font-size: 16px;\">Compensi anno 2020<\/span><\/td>\r\n<td style=\"text-align: right; border-style: solid; border-color: #000000; background-color: #ffffff;\" width=\"50%\"><span style=\"font-size: 16px;\">0 \u20ac<\/span><\/td>\r\n<\/tr>\r\n<tr>\r\n<td style=\"text-align: left; border-style: solid; border-color: #000000; background-color: #ffffff;\" width=\"50%\"><span style=\"font-size: 16px;\">Compensi anno 2019<\/span><\/td>\r\n<td style=\"text-align: right; border-style: solid; border-color: #000000; background-color: #ffffff;\" width=\"50%\"><span style=\"font-size: 16px;\">1.470,00 \u20ac<\/span><\/td>\r\n<\/tr>\r\n<tr>\r\n<td style=\"text-align: left; border-style: solid; border-color: #000000; background-color: #ffffff;\" width=\"50%\"><span style=\"font-size: 16px;\">Compensi anno 2018<\/span><\/td>\r\n<td style=\"text-align: right; border-style: solid; border-color: #000000; background-color: #ffffff;\" width=\"50%\"><span style=\"font-size: 16px;\">4.633,33 \u20ac<\/span><\/td>\r\n<\/tr>\r\n<tr>\r\n<td style=\"text-align: left; border-style: solid; border-color: #000000; background-color: #ffffff;\" width=\"50%\"><span style=\"font-size: 16px;\">Compensi anno 2017<\/span><\/td>\r\n<td style=\"text-align: right; border-style: solid; border-color: #000000; background-color: #ffffff;\" width=\"50%\"><span style=\"font-size: 16px;\">1.250,00 \u20ac<\/span><\/td>\r\n<\/tr>\r\n<\/tbody>\r\n<\/table>\r\n<div>\u00a0<\/div>\r\n<div>\u00a0<\/div>\r\n<div>\u00a0<\/div>\r\n<div class=\"entry themeform\">\r\n<div class=\"entry-inner\"><span style=\"font-size: 14px;\">Importi di viaggi di servizio e missioni pagati con fondi pubblici <\/span>\r\n<table style=\"border-collapse: collapse;\" border=\"1\" width=\"100%\">\r\n<tbody>\r\n<tr>\r\n<td style=\"text-align: left; border-style: solid; border-color: #000000; background-color: #ffffff;\" width=\"50%\">Importi di viaggio e\/o missioni anno 2020<\/td>\r\n<td style=\"text-align: right; border-style: solid; border-color: #000000; background-color: #ffffff;\" width=\"50%\"><span style=\"font-size: 16px;\">0 \u20ac<\/span><\/td>\r\n<\/tr>\r\n<tr>\r\n<td style=\"text-align: left; border-style: solid; border-color: #000000; background-color: #ffffff;\" width=\"50%\">Importi di viaggio e\/o missioni anno 2019<\/td>\r\n<td style=\"text-align: right; border-style: solid; border-color: #000000; background-color: #ffffff;\" width=\"50%\"><span style=\"font-size: 16px;\">0 \u20ac<\/span><\/td>\r\n<\/tr>\r\n<tr>\r\n<td style=\"text-align: left; border-style: solid; border-color: #000000; background-color: #ffffff;\" width=\"50%\">Importi di viaggio e\/o missioni anno 2018<\/td>\r\n<td style=\"text-align: right; border-style: solid; border-color: #000000; background-color: #ffffff;\" width=\"50%\"><span style=\"font-size: 16px;\">0 \u20ac<\/span><\/td>\r\n<\/tr>\r\n<tr>\r\n<td style=\"text-align: left; border-style: solid; border-color: #000000; background-color: #ffffff;\" width=\"50%\">Importi di viaggio e\/o missioni anno 2017<\/td>\r\n<td style=\"text-align: right; border-style: solid; border-color: #000000; background-color: #ffffff;\" width=\"50%\"><span style=\"font-size: 16px;\">0 \u20ac<\/span><\/td>\r\n<\/tr>\r\n<\/tbody>\r\n<\/table>\r\n\u00a0 \u00a0 \u00a0<\/div>\r\n<\/div>\r\n<div>\u00a0<\/div>\r\n<div>\u00a0<\/div>\r\n<div>\u00a0<\/div>\r\n<div class=\"entry themeform\">\r\n<div class=\"entry-inner\"><span style=\"font-size: 14px;\">Altri eventuali incarichi con oneri a carico della finanza pubblica e indicazione dei compensi spettanti<\/span><\/div>\r\n<\/div>\r\n<table style=\"width: 100%; border-collapse: collapse;\" border=\"1\">\r\n<tbody>\r\n<tr style=\"height: 24px;\">\r\n<td style=\"border-style: solid; border-color: #000000; background-color: #ffffff; height: 24px; text-align: left;\" width=\"50%\"><strong><span style=\"font-size: 16px;\">Importi per altri incarichi anno 2016<\/span><\/strong><\/td>\r\n<td style=\"border-style: solid; border-color: #000000; background-color: #ffffff; height: 24px; text-align: right;\" width=\"50%\"><span style=\"font-size: 16px;\">0 \u20ac<\/span><\/td>\r\n<\/tr>\r\n<\/tbody>\r\n<\/table>\r\n<p>&nbsp;<\/p>\r\n<p>&nbsp;<\/p>\r\n<div class=\"entry themeform\">\r\n<div class=\"entry-inner\" style=\"text-align: justify;\"><span style=\"font-size: 14px;\">Dichiarazione concernente diritti reali su beni immobili e su beni mobili iscritti in pubblici registri, titolarit\u00e0 di imprese, azioni di societ\u00e0, quote di partecipazione a societ\u00e0, esercizio di funzioni di amministratore o di sindaco di societ\u00e0, con l\u2019apposizione della formula \u00absul mio onore affermo che la dichiarazione corrisponde al vero\u00bb <\/span>\r\n<table style=\"border-collapse: collapse; width: 100%; height: 10px;\" border=\"1\" width=\"100%\">\r\n<tbody>\r\n<tr style=\"height: 10px;\">\r\n<td style=\"text-align: left; border-style: solid; border-color: #000000; background-color: #ffffff; height: 10px;\" width=\"50%\"><strong>Dichiarazione dati patrimoniali<\/strong><\/td>\r\n<td style=\"text-align: right; border-style: solid; border-color: #000000; background-color: #ffffff; height: 10px;\" width=\"50%\">Aggiornamento 2016<\/td>\r\n<\/tr>\r\n<\/tbody>\r\n<\/table>\r\n<\/div>\r\n<\/div>\r\n<div class=\"entry themeform\">\u00a0<\/div>\r\n<div>\u00a0<\/div>\r\n<div>\u00a0<\/div>\r\n<div>\u00a0<\/div>\r\n<div class=\"entry themeform\">\r\n<div class=\"entry-inner\"><span style=\"font-size: 14px;\">Copia dell\u2019ultima dichiarazione dei redditi soggetti <span style=\"font-size: 14px;\">all&#8217;imposta<\/span> sui redditi delle persone fisiche<\/span>\r\n<table style=\"border-collapse: collapse; width: 100%; height: 10px;\" border=\"1\" width=\"100%\">\r\n<tbody>\r\n<tr style=\"height: 10px;\">\r\n<td style=\"text-align: left; border-style: solid; border-color: #000000; background-color: #ffffff; height: 10px;\" width=\"50%\"><strong>Persone Fisiche 2016<\/strong><\/td>\r\n<td style=\"text-align: right; border-style: solid; border-color: #000000; background-color: #ffffff; height: 10px;\" width=\"50%\">\u00a0<\/td>\r\n<\/tr>\r\n<\/tbody>\r\n<\/table>\r\n\u00a0 \u00a0<\/div>\r\n<\/div>\r\n<div>\u00a0<\/div>\r\n<div>\u00a0<\/div>\r\n<div class=\"entry themeform\">\r\n<div class=\"entry-inner\"><span style=\"font-size: 14px;\">Attestazione concernente le variazioni della situazione patrimoniale intervenute nell&#8217;anno precedente e copia della dichiarazione dei redditi<\/span>\r\n<table style=\"border-collapse: collapse; width: 100%; height: 10px;\" border=\"1\" width=\"100%\">\r\n<tbody>\r\n<tr style=\"height: 10px;\">\r\n<td style=\"text-align: left; border-style: solid; border-color: #000000; background-color: #ffffff; height: 10px;\" width=\"50%\"><strong>Dichiarazione variazioni dati patrimoniali<\/strong><\/td>\r\n<td style=\"text-align: right; border-style: solid; border-color: #000000; background-color: #ffffff; height: 10px;\" width=\"50%\">Aggiornamento 2016<\/td>\r\n<\/tr>\r\n<\/tbody>\r\n<\/table>\r\n<\/div>\r\n<\/div>","protected":false},"excerpt":{"rendered":"<p>\u00a0 \u00a0 CONSIGLIEREProf.ssa Marina D&#8217;Orsogna \u00a0 Atto di nomina o di proclamazione, con l\u2019indicazione della durata dell\u2019incarico o del mandato elettivo Atto di Nomina 09\/10\/2018 Curriculum Vitae Aggiornamento 2012 \u00a0 \u00a0 \u00a0 \u00a0 Compensi&#46;&#46;&#46;<\/p>\n","protected":false},"author":1,"featured_media":0,"parent":1767,"menu_order":0,"comment_status":"closed","ping_status":"closed","template":"","meta":{"footnotes":"","_links_to":"","_links_to_target":""},"categories":[],"tags":[],"class_list":["post-2012","page","type-page","status-publish","hentry"],"_links":{"self":[{"href":"https:\/\/www.fondazioneunich.it\/index.php\/wp-json\/wp\/v2\/pages\/2012","targetHints":{"allow":["GET"]}}],"collection":[{"href":"https:\/\/www.fondazioneunich.it\/index.php\/wp-json\/wp\/v2\/pages"}],"about":[{"href":"https:\/\/www.fondazioneunich.it\/index.php\/wp-json\/wp\/v2\/types\/page"}],"author":[{"embeddable":true,"href":"https:\/\/www.fondazioneunich.it\/index.php\/wp-json\/wp\/v2\/users\/1"}],"replies":[{"embeddable":true,"href":"https:\/\/www.fondazioneunich.it\/index.php\/wp-json\/wp\/v2\/comments?post=2012"}],"version-history":[{"count":0,"href":"https:\/\/www.fondazioneunich.it\/index.php\/wp-json\/wp\/v2\/pages\/2012\/revisions"}],"up":[{"embeddable":true,"href":"https:\/\/www.fondazioneunich.it\/index.php\/wp-json\/wp\/v2\/pages\/1767"}],"wp:attachment":[{"href":"https:\/\/www.fondazioneunich.it\/index.php\/wp-json\/wp\/v2\/media?parent=2012"}],"wp:term":[{"taxonomy":"category","embeddable":true,"href":"https:\/\/www.fondazioneunich.it\/index.php\/wp-json\/wp\/v2\/categories?post=2012"},{"taxonomy":"post_tag","embeddable":true,"href":"https:\/\/www.fondazioneunich.it\/index.php\/wp-json\/wp\/v2\/tags?post=2012"}],"curies":[{"name":"wp","href":"https:\/\/api.w.org\/{rel}","templated":true}]}}